{"id":77,"date":"2023-06-18T15:04:46","date_gmt":"2023-06-18T15:04:46","guid":{"rendered":"https:\/\/meclinas.com\/?page_id=77"},"modified":"2025-02-04T21:20:34","modified_gmt":"2025-02-04T20:20:34","slug":"over-ons","status":"publish","type":"page","link":"https:\/\/meclinas.com\/fr\/a-propos-de-nous\/","title":{"rendered":"\u00c0 propos"},"content":{"rendered":"<div data-elementor-type=\"wp-page\" data-elementor-id=\"77\" class=\"elementor elementor-77\" data-elementor-post-type=\"page\">\n\t\t\t\t\t\t<section class=\"elementor-section elementor-top-section elementor-element elementor-element-9a7c9c1 elementor-section-height-min-height elementor-section-boxed elementor-section-height-default elementor-section-items-middle\" data-id=\"9a7c9c1\" data-element_type=\"section\" data-e-type=\"section\" data-settings=\"{&quot;background_background&quot;:&quot;classic&quot;}\">\n\t\t\t\t\t\t\t<div class=\"elementor-background-overlay\"><\/div>\n\t\t\t\t\t\t\t<div class=\"elementor-container elementor-column-gap-default\">\n\t\t\t\t\t<div class=\"elementor-column elementor-col-100 elementor-top-column elementor-element elementor-element-f3ee9f9\" data-id=\"f3ee9f9\" data-element_type=\"column\" data-e-type=\"column\">\n\t\t\t<div class=\"elementor-widget-wrap elementor-element-populated\">\n\t\t\t\t\t\t<div class=\"elementor-element elementor-element-9f2d755 elementor-absolute elementor-widget elementor-widget-image\" data-id=\"9f2d755\" data-element_type=\"widget\" data-e-type=\"widget\" data-settings=\"{&quot;_position&quot;:&quot;absolute&quot;}\" data-widget_type=\"image.default\">\n\t\t\t\t\t\t\t\t\t\t\t\t\t\t\t<img fetchpriority=\"high\" decoding=\"async\" width=\"800\" height=\"251\" src=\"https:\/\/meclinas.com\/wp-content\/uploads\/2023\/06\/Meclinas_logo_withighres-1.png\" class=\"attachment-large size-large wp-image-38\" alt=\"\" \/>\t\t\t\t\t\t\t\t\t\t\t\t\t\t\t<\/div>\n\t\t\t\t\t<\/div>\n\t\t<\/div>\n\t\t\t\t\t<\/div>\n\t\t<\/section>\n\t\t\t\t<section class=\"elementor-section elementor-top-section elementor-element elementor-element-8177570 elementor-section-boxed elementor-section-height-default elementor-section-height-default elementor-invisible\" data-id=\"8177570\" data-element_type=\"section\" data-e-type=\"section\" data-settings=\"{&quot;background_background&quot;:&quot;classic&quot;,&quot;animation&quot;:&quot;fadeInDown&quot;}\">\n\t\t\t\t\t\t\t<div class=\"elementor-background-overlay\"><\/div>\n\t\t\t\t\t\t\t<div class=\"elementor-container elementor-column-gap-default\">\n\t\t\t\t\t<div class=\"elementor-column elementor-col-100 elementor-top-column elementor-element elementor-element-de4c436\" data-id=\"de4c436\" data-element_type=\"column\" data-e-type=\"column\">\n\t\t\t<div class=\"elementor-widget-wrap elementor-element-populated\">\n\t\t\t\t\t\t<div class=\"elementor-element elementor-element-2964eee elementor-widget elementor-widget-heading\" data-id=\"2964eee\" data-element_type=\"widget\" data-e-type=\"widget\" data-widget_type=\"heading.default\">\n\t\t\t\t\t<h2 class=\"elementor-heading-title elementor-size-default\">G\u00e9n\u00e9ral<\/h2>\t\t\t\t<\/div>\n\t\t\t\t<div class=\"elementor-element elementor-element-da688cb elementor-widget elementor-widget-text-editor\" data-id=\"da688cb\" data-element_type=\"widget\" data-e-type=\"widget\" data-widget_type=\"text-editor.default\">\n\t\t\t\t\t\t\t\t\t<p>Meclinas est une unit\u00e9 de recherche sp\u00e9cialis\u00e9e dans les \u00e9tudes cliniques sur les m\u00e9dicaments ambulatoires, la m\u00e9decine psychiatrique, les vaccinations, l'alimentation, les cosm\u00e9tiques et les dispositifs m\u00e9dicaux.<\/p><p>Le centre a \u00e9t\u00e9 officiellement fond\u00e9 le 27 juin 2023 par Ine Vercammen et son \u00e9quipe avec une passion commune : la sant\u00e9 de demain!<\/p><p>Dans notre activit\u00e9, le respect est primordial, tant pour les attentes des commanditaires des \u00e9tudes que pour le bien-\u00eatre des participants et la satisfaction de notre personnel.<\/p><p>Nous traduisons cela par la qualit\u00e9 et la transparence dans tous les aspects de notre entreprise et une atmosph\u00e8re de travail positive et rayonnante.<\/p>\t\t\t\t\t\t\t\t<\/div>\n\t\t\t\t\t<\/div>\n\t\t<\/div>\n\t\t\t\t\t<\/div>\n\t\t<\/section>\n\t\t\t\t<section class=\"elementor-section elementor-top-section elementor-element elementor-element-07df3f2 elementor-section-boxed elementor-section-height-default elementor-section-height-default elementor-invisible\" data-id=\"07df3f2\" data-element_type=\"section\" data-e-type=\"section\" data-settings=\"{&quot;background_background&quot;:&quot;classic&quot;,&quot;animation&quot;:&quot;slideInLeft&quot;}\">\n\t\t\t\t\t\t<div class=\"elementor-container elementor-column-gap-wider\">\n\t\t\t\t\t<div class=\"elementor-column elementor-col-50 elementor-top-column elementor-element elementor-element-0feab5e\" data-id=\"0feab5e\" data-element_type=\"column\" data-e-type=\"column\">\n\t\t\t<div class=\"elementor-widget-wrap elementor-element-populated\">\n\t\t\t\t\t\t<div class=\"elementor-element elementor-element-a6bb435 elementor-widget elementor-widget-heading\" data-id=\"a6bb435\" data-element_type=\"widget\" data-e-type=\"widget\" data-widget_type=\"heading.default\">\n\t\t\t\t\t<h2 class=\"elementor-heading-title elementor-size-default\">Fondatrice et PDG <br>Ine Vercammen<\/h2>\t\t\t\t<\/div>\n\t\t\t\t<div class=\"elementor-element elementor-element-2a27890 elementor-widget elementor-widget-text-editor\" data-id=\"2a27890\" data-element_type=\"widget\" data-e-type=\"widget\" data-widget_type=\"text-editor.default\">\n\t\t\t\t\t\t\t\t\t<p>Ine Vercammen, dipl\u00f4m\u00e9e de l'Universit\u00e9 catholique de Louvain, est une figure \u00e9tablie de la recherche clinique en Belgique.<\/p><p>En tant que travailleuse ind\u00e9pendante, elle a observ\u00e9 les besoins du march\u00e9 belge et europ\u00e9en et a d\u00e9cid\u00e9 de trouver une solution par elle-m\u00eame.<\/p><p>Pendant ce temps, active en tant que pigiste, elle a vu les besoins de la belgique et le march\u00e9 Europ\u00e9en et a d\u00e9cid\u00e9 de d\u00e9velopper une solution pour elle-m\u00eame.<\/p><p>Elle est la fondatrice et PDG de Meclinas et la force motrice de l'\u00e9quipe.<\/p>\t\t\t\t\t\t\t\t<\/div>\n\t\t\t\t\t<\/div>\n\t\t<\/div>\n\t\t\t\t<div class=\"elementor-column elementor-col-50 elementor-top-column elementor-element elementor-element-afda1c4\" data-id=\"afda1c4\" data-element_type=\"column\" data-e-type=\"column\">\n\t\t\t<div class=\"elementor-widget-wrap elementor-element-populated\">\n\t\t\t\t\t\t<section class=\"elementor-section elementor-inner-section elementor-element elementor-element-930f4a2 team_member elementor-section-boxed elementor-section-height-default elementor-section-height-default\" data-id=\"930f4a2\" data-element_type=\"section\" data-e-type=\"section\" data-settings=\"{&quot;background_background&quot;:&quot;classic&quot;}\">\n\t\t\t\t\t\t\t<div class=\"elementor-background-overlay\"><\/div>\n\t\t\t\t\t\t\t<div class=\"elementor-container elementor-column-gap-default\">\n\t\t\t\t\t<div class=\"elementor-column elementor-col-100 elementor-inner-column elementor-element elementor-element-dde2a5c\" data-id=\"dde2a5c\" data-element_type=\"column\" data-e-type=\"column\">\n\t\t\t<div class=\"elementor-widget-wrap elementor-element-populated\">\n\t\t\t\t\t\t<div class=\"elementor-element elementor-element-a8ff47c elementor-widget elementor-widget-heading\" data-id=\"a8ff47c\" data-element_type=\"widget\" data-e-type=\"widget\" data-widget_type=\"heading.default\">\n\t\t\t\t\t<h6 class=\"elementor-heading-title elementor-size-default\">Fondatrice et PDG<\/h6>\t\t\t\t<\/div>\n\t\t\t\t<div class=\"elementor-element elementor-element-4d12b87 elementor-widget elementor-widget-heading\" data-id=\"4d12b87\" data-element_type=\"widget\" data-e-type=\"widget\" data-widget_type=\"heading.default\">\n\t\t\t\t\t<h5 class=\"elementor-heading-title elementor-size-default\"> Ine Vercammen<\/h5>\t\t\t\t<\/div>\n\t\t\t\t<div class=\"elementor-element elementor-element-2551638 elementor-shape-circle e-grid-align-left elementor-grid-0 elementor-widget elementor-widget-social-icons\" data-id=\"2551638\" data-element_type=\"widget\" data-e-type=\"widget\" data-widget_type=\"social-icons.default\">\n\t\t\t\t\t\t\t<div class=\"elementor-social-icons-wrapper elementor-grid\">\n\t\t\t\t\t\t\t<span class=\"elementor-grid-item\">\n\t\t\t\t\t<a class=\"elementor-icon elementor-social-icon elementor-social-icon-linkedin elementor-repeater-item-f1e11cb\" href=\"https:\/\/www.linkedin.com\/in\/ine-vercammen-49573177\/\" target=\"_blank\">\n\t\t\t\t\t\t<span class=\"elementor-screen-only\">Linkedin<\/span>\n\t\t\t\t\t\t<i aria-hidden=\"true\" class=\"fab fa-linkedin\"><\/i>\t\t\t\t\t<\/a>\n\t\t\t\t<\/span>\n\t\t\t\t\t<\/div>\n\t\t\t\t\t\t<\/div>\n\t\t\t\t\t<\/div>\n\t\t<\/div>\n\t\t\t\t\t<\/div>\n\t\t<\/section>\n\t\t\t\t\t<\/div>\n\t\t<\/div>\n\t\t\t\t\t<\/div>\n\t\t<\/section>\n\t\t\t\t<section class=\"elementor-section elementor-top-section elementor-element elementor-element-af90a97 elementor-hidden-desktop elementor-hidden-tablet elementor-hidden-mobile elementor-section-boxed elementor-section-height-default elementor-section-height-default elementor-invisible\" data-id=\"af90a97\" data-element_type=\"section\" data-e-type=\"section\" data-settings=\"{&quot;background_background&quot;:&quot;classic&quot;,&quot;animation&quot;:&quot;slideInRight&quot;}\">\n\t\t\t\t\t\t<div class=\"elementor-container elementor-column-gap-wider\">\n\t\t\t\t\t<div class=\"elementor-column elementor-col-50 elementor-top-column elementor-element elementor-element-7f9a254\" data-id=\"7f9a254\" data-element_type=\"column\" data-e-type=\"column\">\n\t\t\t<div class=\"elementor-widget-wrap elementor-element-populated\">\n\t\t\t\t\t\t<div class=\"elementor-element elementor-element-1374b78 elementor-widget elementor-widget-heading\" data-id=\"1374b78\" data-element_type=\"widget\" data-e-type=\"widget\" data-widget_type=\"heading.default\">\n\t\t\t\t\t<h2 class=\"elementor-heading-title elementor-size-default\">Co-fondateur <br>Le Dr Andreas Frans<\/h2>\t\t\t\t<\/div>\n\t\t\t\t<div class=\"elementor-element elementor-element-a0c72d9 elementor-widget elementor-widget-text-editor\" data-id=\"a0c72d9\" data-element_type=\"widget\" data-e-type=\"widget\" data-widget_type=\"text-editor.default\">\n\t\t\t\t\t\t\t\t\t<p>Dr Andreas Frans est passionn\u00e9 par l'innovation et pr\u00e9f\u00e8re s'investir dans des projets progressistes. <br \/><br \/>D\u00e9j\u00e0 engag\u00e9 en tant qu'\u00e9tudiant dans la repr\u00e9sentation nationale et internationale, il est constamment tourn\u00e9 vers le projet suivant au cours de sa formation. Andreas croit en l'importance de la m\u00e9decine pr\u00e9ventive et de la sant\u00e9 mentale. <br \/><br \/>En tant que co-fondateur de notre centre, il apporte non seulement ses connaissances cliniques, mais aussi son exp\u00e9rience des start-ups et du recrutement de volontaires. Il est responsable de la politique m\u00e9dicale de Meclinas.<\/p>\t\t\t\t\t\t\t\t<\/div>\n\t\t\t\t\t<\/div>\n\t\t<\/div>\n\t\t\t\t<div class=\"elementor-column elementor-col-50 elementor-top-column elementor-element elementor-element-36bec70\" data-id=\"36bec70\" data-element_type=\"column\" data-e-type=\"column\">\n\t\t\t<div class=\"elementor-widget-wrap elementor-element-populated\">\n\t\t\t\t\t\t<section class=\"elementor-section elementor-inner-section elementor-element elementor-element-b5239c4 team_member elementor-section-boxed elementor-section-height-default elementor-section-height-default\" data-id=\"b5239c4\" data-element_type=\"section\" data-e-type=\"section\" data-settings=\"{&quot;background_background&quot;:&quot;classic&quot;}\">\n\t\t\t\t\t\t\t<div class=\"elementor-background-overlay\"><\/div>\n\t\t\t\t\t\t\t<div class=\"elementor-container elementor-column-gap-default\">\n\t\t\t\t\t<div class=\"elementor-column elementor-col-100 elementor-inner-column elementor-element elementor-element-7d483bf\" data-id=\"7d483bf\" data-element_type=\"column\" data-e-type=\"column\">\n\t\t\t<div class=\"elementor-widget-wrap elementor-element-populated\">\n\t\t\t\t\t\t<div class=\"elementor-element elementor-element-d179bc3 elementor-widget elementor-widget-heading\" data-id=\"d179bc3\" data-element_type=\"widget\" data-e-type=\"widget\" data-widget_type=\"heading.default\">\n\t\t\t\t\t<h6 class=\"elementor-heading-title elementor-size-default\">Co-fondateur <\/h6>\t\t\t\t<\/div>\n\t\t\t\t<div class=\"elementor-element elementor-element-812f805 elementor-widget elementor-widget-heading\" data-id=\"812f805\" data-element_type=\"widget\" data-e-type=\"widget\" data-widget_type=\"heading.default\">\n\t\t\t\t\t<h5 class=\"elementor-heading-title elementor-size-default\">Le Dr Andreas Frans<\/h5>\t\t\t\t<\/div>\n\t\t\t\t<div class=\"elementor-element elementor-element-022e52a elementor-shape-circle e-grid-align-left elementor-grid-0 elementor-widget elementor-widget-social-icons\" data-id=\"022e52a\" data-element_type=\"widget\" data-e-type=\"widget\" data-widget_type=\"social-icons.default\">\n\t\t\t\t\t\t\t<div class=\"elementor-social-icons-wrapper elementor-grid\">\n\t\t\t\t\t\t\t<span class=\"elementor-grid-item\">\n\t\t\t\t\t<a class=\"elementor-icon elementor-social-icon elementor-social-icon-linkedin elementor-repeater-item-f1e11cb\" href=\"https:\/\/www.linkedin.com\/in\/andreas-frans-88252214\/\" target=\"_blank\">\n\t\t\t\t\t\t<span class=\"elementor-screen-only\">Linkedin<\/span>\n\t\t\t\t\t\t<i aria-hidden=\"true\" class=\"fab fa-linkedin\"><\/i>\t\t\t\t\t<\/a>\n\t\t\t\t<\/span>\n\t\t\t\t\t<\/div>\n\t\t\t\t\t\t<\/div>\n\t\t\t\t\t<\/div>\n\t\t<\/div>\n\t\t\t\t\t<\/div>\n\t\t<\/section>\n\t\t\t\t\t<\/div>\n\t\t<\/div>\n\t\t\t\t\t<\/div>\n\t\t<\/section>\n\t\t\t\t<section class=\"elementor-section elementor-top-section elementor-element elementor-element-f2fa984 elementor-reverse-mobile elementor-section-boxed elementor-section-height-default elementor-section-height-default elementor-invisible\" data-id=\"f2fa984\" data-element_type=\"section\" data-e-type=\"section\" data-settings=\"{&quot;background_background&quot;:&quot;classic&quot;,&quot;animation&quot;:&quot;slideInRight&quot;}\">\n\t\t\t\t\t\t<div class=\"elementor-container elementor-column-gap-wider\">\n\t\t\t\t\t<div class=\"elementor-column elementor-col-50 elementor-top-column elementor-element elementor-element-7155b59\" data-id=\"7155b59\" data-element_type=\"column\" data-e-type=\"column\">\n\t\t\t<div class=\"elementor-widget-wrap elementor-element-populated\">\n\t\t\t\t\t\t<section class=\"elementor-section elementor-inner-section elementor-element elementor-element-a8da9c5 team_member elementor-section-boxed elementor-section-height-default elementor-section-height-default\" data-id=\"a8da9c5\" data-element_type=\"section\" data-e-type=\"section\" data-settings=\"{&quot;background_background&quot;:&quot;classic&quot;}\">\n\t\t\t\t\t\t\t<div class=\"elementor-background-overlay\"><\/div>\n\t\t\t\t\t\t\t<div class=\"elementor-container elementor-column-gap-default\">\n\t\t\t\t\t<div class=\"elementor-column elementor-col-100 elementor-inner-column elementor-element elementor-element-d0988c1\" data-id=\"d0988c1\" data-element_type=\"column\" data-e-type=\"column\">\n\t\t\t<div class=\"elementor-widget-wrap elementor-element-populated\">\n\t\t\t\t\t\t<div class=\"elementor-element elementor-element-139110d elementor-widget elementor-widget-heading\" data-id=\"139110d\" data-element_type=\"widget\" data-e-type=\"widget\" data-widget_type=\"heading.default\">\n\t\t\t\t\t<h6 class=\"elementor-heading-title elementor-size-default\">Chercheur Principal <\/h6>\t\t\t\t<\/div>\n\t\t\t\t<div class=\"elementor-element elementor-element-073d7b8 elementor-widget elementor-widget-heading\" data-id=\"073d7b8\" data-element_type=\"widget\" data-e-type=\"widget\" data-widget_type=\"heading.default\">\n\t\t\t\t\t<h5 class=\"elementor-heading-title elementor-size-default\">Le Dr Claudia Cornelis<\/h5>\t\t\t\t<\/div>\n\t\t\t\t<div class=\"elementor-element elementor-element-0bf3763 elementor-shape-circle e-grid-align-left elementor-grid-0 elementor-widget elementor-widget-social-icons\" data-id=\"0bf3763\" data-element_type=\"widget\" data-e-type=\"widget\" data-widget_type=\"social-icons.default\">\n\t\t\t\t\t\t\t<div class=\"elementor-social-icons-wrapper elementor-grid\">\n\t\t\t\t\t\t\t<span class=\"elementor-grid-item\">\n\t\t\t\t\t<a class=\"elementor-icon elementor-social-icon elementor-social-icon-linkedin elementor-repeater-item-f1e11cb\" href=\"https:\/\/www.linkedin.com\/in\/claudia-cornelis-27990b71\/\" target=\"_blank\">\n\t\t\t\t\t\t<span class=\"elementor-screen-only\">Linkedin<\/span>\n\t\t\t\t\t\t<i aria-hidden=\"true\" class=\"fab fa-linkedin\"><\/i>\t\t\t\t\t<\/a>\n\t\t\t\t<\/span>\n\t\t\t\t\t<\/div>\n\t\t\t\t\t\t<\/div>\n\t\t\t\t\t<\/div>\n\t\t<\/div>\n\t\t\t\t\t<\/div>\n\t\t<\/section>\n\t\t\t\t\t<\/div>\n\t\t<\/div>\n\t\t\t\t<div class=\"elementor-column elementor-col-50 elementor-top-column elementor-element elementor-element-1eca402\" data-id=\"1eca402\" data-element_type=\"column\" data-e-type=\"column\">\n\t\t\t<div class=\"elementor-widget-wrap elementor-element-populated\">\n\t\t\t\t\t\t<div class=\"elementor-element elementor-element-042d882 elementor-widget elementor-widget-heading\" data-id=\"042d882\" data-element_type=\"widget\" data-e-type=\"widget\" data-widget_type=\"heading.default\">\n\t\t\t\t\t<h2 class=\"elementor-heading-title elementor-size-default\">Investigatrice principale Dr Claudia Cornelis<\/h2>\t\t\t\t<\/div>\n\t\t\t\t<div class=\"elementor-element elementor-element-11ef561 elementor-widget elementor-widget-text-editor\" data-id=\"11ef561\" data-element_type=\"widget\" data-e-type=\"widget\" data-widget_type=\"text-editor.default\">\n\t\t\t\t\t\t\t\t\t<p>Dr Claudia Cornelis a acquis une grande exp\u00e9rience des \u00e9tudes cliniques au cours de son doctorat et a \u00e0 c\u0153ur la recherche qualitative pla\u00e7ant toujours le patient au centre.\u00a0<br \/><br \/>Elle travaille actuellement en tant que psychiatre au Centre psychiatrique Multiversum et contribue r\u00e9cemment en tant qu'investigatrice principale \u00e0 la prestation de services ind\u00e9pendants et professionnels de notre centre.<br \/><br \/>Elle est responsable des \u00e9tudes cliniques de Meclinas.<\/p>\t\t\t\t\t\t\t\t<\/div>\n\t\t\t\t\t<\/div>\n\t\t<\/div>\n\t\t\t\t\t<\/div>\n\t\t<\/section>\n\t\t\t\t<\/div>","protected":false},"excerpt":{"rendered":"<p>Algemeen Meclinas is een Research Unit gespecialiseerd in Klinische studies voor ambulante geneesmiddelen, psychiatrische geneeskunde, vaccinaties, voeding, cosmetica en medical devices. Het centrum werd officieel opgericht op 27 JUN 2023 door Ine Vercammen en haar team met als gedeelde passie : de gezondheid van morgen. Binnen onze activiteit is respect primordiaal, zowel voor de verwachtingen [&hellip;]<\/p>\n","protected":false},"author":1,"featured_media":567,"parent":0,"menu_order":6,"comment_status":"closed","ping_status":"closed","template":"","meta":{"_acf_changed":false,"_uag_custom_page_level_css":"","footnotes":""},"class_list":["post-77","page","type-page","status-publish","has-post-thumbnail","hentry"],"acf":[],"yoast_head":"<!-- This site is optimized with the Yoast SEO plugin v27.4 - https:\/\/yoast.com\/product\/yoast-seo-wordpress\/ -->\n<title>Over ons - Meclinas<\/title>\n<meta name=\"description\" content=\"Meclinas is een Research Unit gespecialiseerd in Klinische studies voor ambulante geneesmiddelen, psychiatrische geneeskunde en meer.\" \/>\n<meta name=\"robots\" content=\"index, follow, max-snippet:-1, max-image-preview:large, max-video-preview:-1\" \/>\n<link rel=\"canonical\" href=\"https:\/\/meclinas.com\/fr\/over-ons\/\" \/>\n<meta property=\"og:locale\" content=\"fr_FR\" \/>\n<meta property=\"og:type\" content=\"article\" \/>\n<meta property=\"og:title\" content=\"Over ons - Meclinas\" \/>\n<meta property=\"og:description\" content=\"Meclinas is een Research Unit gespecialiseerd in Klinische studies voor ambulante geneesmiddelen, psychiatrische geneeskunde en meer.\" \/>\n<meta property=\"og:url\" content=\"https:\/\/meclinas.com\/fr\/over-ons\/\" \/>\n<meta property=\"og:site_name\" content=\"Meclinas\" \/>\n<meta property=\"article:modified_time\" content=\"2025-02-04T20:20:34+00:00\" \/>\n<meta property=\"og:image\" content=\"https:\/\/meclinas.com\/wp-content\/uploads\/2023\/06\/Meclinas_branding-images12-1024x576.png\" \/>\n\t<meta property=\"og:image:width\" content=\"1024\" \/>\n\t<meta property=\"og:image:height\" content=\"576\" \/>\n\t<meta property=\"og:image:type\" content=\"image\/png\" \/>\n<meta name=\"twitter:card\" content=\"summary_large_image\" \/>\n<meta name=\"twitter:label1\" content=\"Dur\u00e9e de lecture estim\u00e9e\" \/>\n\t<meta name=\"twitter:data1\" content=\"2 minutes\" \/>\n<script type=\"application\/ld+json\" class=\"yoast-schema-graph\">{\"@context\":\"https:\\\/\\\/schema.org\",\"@graph\":[{\"@type\":\"WebPage\",\"@id\":\"https:\\\/\\\/meclinas.com\\\/over-ons\\\/\",\"url\":\"https:\\\/\\\/meclinas.com\\\/over-ons\\\/\",\"name\":\"Over ons - Meclinas\",\"isPartOf\":{\"@id\":\"https:\\\/\\\/meclinas.com\\\/#website\"},\"primaryImageOfPage\":{\"@id\":\"https:\\\/\\\/meclinas.com\\\/over-ons\\\/#primaryimage\"},\"image\":{\"@id\":\"https:\\\/\\\/meclinas.com\\\/over-ons\\\/#primaryimage\"},\"thumbnailUrl\":\"https:\\\/\\\/meclinas.com\\\/wp-content\\\/uploads\\\/2023\\\/06\\\/Meclinas_branding-images12.png\",\"datePublished\":\"2023-06-18T15:04:46+00:00\",\"dateModified\":\"2025-02-04T20:20:34+00:00\",\"description\":\"Meclinas is een Research Unit gespecialiseerd in Klinische studies voor ambulante geneesmiddelen, psychiatrische geneeskunde en meer.\",\"breadcrumb\":{\"@id\":\"https:\\\/\\\/meclinas.com\\\/over-ons\\\/#breadcrumb\"},\"inLanguage\":\"fr-FR\",\"potentialAction\":[{\"@type\":\"ReadAction\",\"target\":[\"https:\\\/\\\/meclinas.com\\\/over-ons\\\/\"]}]},{\"@type\":\"ImageObject\",\"inLanguage\":\"fr-FR\",\"@id\":\"https:\\\/\\\/meclinas.com\\\/over-ons\\\/#primaryimage\",\"url\":\"https:\\\/\\\/meclinas.com\\\/wp-content\\\/uploads\\\/2023\\\/06\\\/Meclinas_branding-images12.png\",\"contentUrl\":\"https:\\\/\\\/meclinas.com\\\/wp-content\\\/uploads\\\/2023\\\/06\\\/Meclinas_branding-images12.png\",\"width\":8000,\"height\":4500,\"caption\":\"Meclinas - over ons\"},{\"@type\":\"BreadcrumbList\",\"@id\":\"https:\\\/\\\/meclinas.com\\\/over-ons\\\/#breadcrumb\",\"itemListElement\":[{\"@type\":\"ListItem\",\"position\":1,\"name\":\"Home\",\"item\":\"https:\\\/\\\/meclinas.com\\\/\"},{\"@type\":\"ListItem\",\"position\":2,\"name\":\"Over ons\"}]},{\"@type\":\"WebSite\",\"@id\":\"https:\\\/\\\/meclinas.com\\\/#website\",\"url\":\"https:\\\/\\\/meclinas.com\\\/\",\"name\":\"Meclinas\",\"description\":\"\",\"publisher\":{\"@id\":\"https:\\\/\\\/meclinas.com\\\/#organization\"},\"potentialAction\":[{\"@type\":\"SearchAction\",\"target\":{\"@type\":\"EntryPoint\",\"urlTemplate\":\"https:\\\/\\\/meclinas.com\\\/?s={search_term_string}\"},\"query-input\":{\"@type\":\"PropertyValueSpecification\",\"valueRequired\":true,\"valueName\":\"search_term_string\"}}],\"inLanguage\":\"fr-FR\"},{\"@type\":\"Organization\",\"@id\":\"https:\\\/\\\/meclinas.com\\\/#organization\",\"name\":\"Meclinas\",\"url\":\"https:\\\/\\\/meclinas.com\\\/\",\"logo\":{\"@type\":\"ImageObject\",\"inLanguage\":\"fr-FR\",\"@id\":\"https:\\\/\\\/meclinas.com\\\/#\\\/schema\\\/logo\\\/image\\\/\",\"url\":\"https:\\\/\\\/meclinas.com\\\/wp-content\\\/uploads\\\/2023\\\/06\\\/Meclinas_logo1.png\",\"contentUrl\":\"https:\\\/\\\/meclinas.com\\\/wp-content\\\/uploads\\\/2023\\\/06\\\/Meclinas_logo1.png\",\"width\":4379,\"height\":1370,\"caption\":\"Meclinas\"},\"image\":{\"@id\":\"https:\\\/\\\/meclinas.com\\\/#\\\/schema\\\/logo\\\/image\\\/\"}}]}<\/script>\n<!-- \/ Yoast SEO plugin. -->","yoast_head_json":{"title":"Over ons - Meclinas","description":"Meclinas is een Research Unit gespecialiseerd in Klinische studies voor ambulante geneesmiddelen, psychiatrische geneeskunde en meer.","robots":{"index":"index","follow":"follow","max-snippet":"max-snippet:-1","max-image-preview":"max-image-preview:large","max-video-preview":"max-video-preview:-1"},"canonical":"https:\/\/meclinas.com\/fr\/over-ons\/","og_locale":"fr_FR","og_type":"article","og_title":"Over ons - Meclinas","og_description":"Meclinas is een Research Unit gespecialiseerd in Klinische studies voor ambulante geneesmiddelen, psychiatrische geneeskunde en meer.","og_url":"https:\/\/meclinas.com\/fr\/over-ons\/","og_site_name":"Meclinas","article_modified_time":"2025-02-04T20:20:34+00:00","og_image":[{"width":1024,"height":576,"url":"https:\/\/meclinas.com\/wp-content\/uploads\/2023\/06\/Meclinas_branding-images12-1024x576.png","type":"image\/png"}],"twitter_card":"summary_large_image","twitter_misc":{"Dur\u00e9e de lecture estim\u00e9e":"2 minutes"},"schema":{"@context":"https:\/\/schema.org","@graph":[{"@type":"WebPage","@id":"https:\/\/meclinas.com\/over-ons\/","url":"https:\/\/meclinas.com\/over-ons\/","name":"Over ons - Meclinas","isPartOf":{"@id":"https:\/\/meclinas.com\/#website"},"primaryImageOfPage":{"@id":"https:\/\/meclinas.com\/over-ons\/#primaryimage"},"image":{"@id":"https:\/\/meclinas.com\/over-ons\/#primaryimage"},"thumbnailUrl":"https:\/\/meclinas.com\/wp-content\/uploads\/2023\/06\/Meclinas_branding-images12.png","datePublished":"2023-06-18T15:04:46+00:00","dateModified":"2025-02-04T20:20:34+00:00","description":"Meclinas is een Research Unit gespecialiseerd in Klinische studies voor ambulante geneesmiddelen, psychiatrische geneeskunde en meer.","breadcrumb":{"@id":"https:\/\/meclinas.com\/over-ons\/#breadcrumb"},"inLanguage":"fr-FR","potentialAction":[{"@type":"ReadAction","target":["https:\/\/meclinas.com\/over-ons\/"]}]},{"@type":"ImageObject","inLanguage":"fr-FR","@id":"https:\/\/meclinas.com\/over-ons\/#primaryimage","url":"https:\/\/meclinas.com\/wp-content\/uploads\/2023\/06\/Meclinas_branding-images12.png","contentUrl":"https:\/\/meclinas.com\/wp-content\/uploads\/2023\/06\/Meclinas_branding-images12.png","width":8000,"height":4500,"caption":"Meclinas - over ons"},{"@type":"BreadcrumbList","@id":"https:\/\/meclinas.com\/over-ons\/#breadcrumb","itemListElement":[{"@type":"ListItem","position":1,"name":"Home","item":"https:\/\/meclinas.com\/"},{"@type":"ListItem","position":2,"name":"Over ons"}]},{"@type":"WebSite","@id":"https:\/\/meclinas.com\/#website","url":"https:\/\/meclinas.com\/","name":"Meclinas","description":"","publisher":{"@id":"https:\/\/meclinas.com\/#organization"},"potentialAction":[{"@type":"SearchAction","target":{"@type":"EntryPoint","urlTemplate":"https:\/\/meclinas.com\/?s={search_term_string}"},"query-input":{"@type":"PropertyValueSpecification","valueRequired":true,"valueName":"search_term_string"}}],"inLanguage":"fr-FR"},{"@type":"Organization","@id":"https:\/\/meclinas.com\/#organization","name":"Meclinas","url":"https:\/\/meclinas.com\/","logo":{"@type":"ImageObject","inLanguage":"fr-FR","@id":"https:\/\/meclinas.com\/#\/schema\/logo\/image\/","url":"https:\/\/meclinas.com\/wp-content\/uploads\/2023\/06\/Meclinas_logo1.png","contentUrl":"https:\/\/meclinas.com\/wp-content\/uploads\/2023\/06\/Meclinas_logo1.png","width":4379,"height":1370,"caption":"Meclinas"},"image":{"@id":"https:\/\/meclinas.com\/#\/schema\/logo\/image\/"}}]}},"uagb_featured_image_src":{"full":["https:\/\/meclinas.com\/wp-content\/uploads\/2023\/06\/Meclinas_branding-images12.png",8000,4500,false],"thumbnail":["https:\/\/meclinas.com\/wp-content\/uploads\/2023\/06\/Meclinas_branding-images12-150x150.png",150,150,true],"medium":["https:\/\/meclinas.com\/wp-content\/uploads\/2023\/06\/Meclinas_branding-images12-300x169.png",300,169,true],"medium_large":["https:\/\/meclinas.com\/wp-content\/uploads\/2023\/06\/Meclinas_branding-images12-768x432.png",768,432,true],"large":["https:\/\/meclinas.com\/wp-content\/uploads\/2023\/06\/Meclinas_branding-images12-1024x576.png",800,450,true],"1536x1536":["https:\/\/meclinas.com\/wp-content\/uploads\/2023\/06\/Meclinas_branding-images12-1536x864.png",1536,864,true],"2048x2048":["https:\/\/meclinas.com\/wp-content\/uploads\/2023\/06\/Meclinas_branding-images12-2048x1152.png",2048,1152,true],"trp-custom-language-flag":["https:\/\/meclinas.com\/wp-content\/uploads\/2023\/06\/Meclinas_branding-images12.png",18,10,false]},"uagb_author_info":{"display_name":"Ine Vercammen","author_link":"https:\/\/meclinas.com\/fr\/author\/meclinas\/"},"uagb_comment_info":0,"uagb_excerpt":"Algemeen Meclinas is een Research Unit gespecialiseerd in Klinische studies voor ambulante geneesmiddelen, psychiatrische geneeskunde, vaccinaties, voeding, cosmetica en medical devices. Het centrum werd officieel opgericht op 27 JUN 2023 door Ine Vercammen en haar team met als gedeelde passie : de gezondheid van morgen. Binnen onze activiteit is respect primordiaal, zowel voor de verwachtingen\u2026","_links":{"self":[{"href":"https:\/\/meclinas.com\/fr\/wp-json\/wp\/v2\/pages\/77","targetHints":{"allow":["GET"]}}],"collection":[{"href":"https:\/\/meclinas.com\/fr\/wp-json\/wp\/v2\/pages"}],"about":[{"href":"https:\/\/meclinas.com\/fr\/wp-json\/wp\/v2\/types\/page"}],"author":[{"embeddable":true,"href":"https:\/\/meclinas.com\/fr\/wp-json\/wp\/v2\/users\/1"}],"replies":[{"embeddable":true,"href":"https:\/\/meclinas.com\/fr\/wp-json\/wp\/v2\/comments?post=77"}],"version-history":[{"count":8,"href":"https:\/\/meclinas.com\/fr\/wp-json\/wp\/v2\/pages\/77\/revisions"}],"predecessor-version":[{"id":2134,"href":"https:\/\/meclinas.com\/fr\/wp-json\/wp\/v2\/pages\/77\/revisions\/2134"}],"wp:featuredmedia":[{"embeddable":true,"href":"https:\/\/meclinas.com\/fr\/wp-json\/wp\/v2\/media\/567"}],"wp:attachment":[{"href":"https:\/\/meclinas.com\/fr\/wp-json\/wp\/v2\/media?parent=77"}],"curies":[{"name":"wp","href":"https:\/\/api.w.org\/{rel}","templated":true}]}}